{"id":11083,"date":"2024-08-07T11:25:08","date_gmt":"2024-08-07T09:25:08","guid":{"rendered":"https:\/\/www.concellodesober.com\/?page_id=11083"},"modified":"2026-04-14T21:29:24","modified_gmt":"2026-04-14T19:29:24","slug":"servizos-privados","status":"publish","type":"page","link":"https:\/\/concellodesober.com\/es\/servizos-privados\/","title":{"rendered":"Servizos privados"},"content":{"rendered":"[vc_row ct_row_stretch=\u00bbstretch_row_content_no_spaces\u00bb full_width=\u00bbstretch_row_content_no_spaces\u00bb use_row_as_full_screen_section=\u00bbno\u00bb type=\u00bbfull_width\u00bb][vc_column][vc_single_image image=\u00bb10747&#8243; img_size=\u00bbfull\u00bb][\/vc_column][\/vc_row][vc_row ct_row_stretch=\u00bb\u00bb bg_type=\u00bbbg_color\u00bb bg_color_value=\u00bb#f9f9f9&#8243;][vc_column]<div id=\"ultimate-heading-837769f1baa66f600\" class=\"uvc-heading ult-adjust-bottom-margin ultimate-heading-837769f1baa66f600 uvc-5463 \" data-hspacer=\"no_spacer\"  data-halign=\"center\" style=\"text-align:center\"><div class=\"uvc-heading-spacer no_spacer\" style=\"top\"><\/div><div class=\"uvc-main-heading ult-responsive\"  data-ultimate-target='.uvc-heading.ultimate-heading-837769f1baa66f600 h2'  data-responsive-json-new='{\"font-size\":\"desktop:40px;tablet:40px;tablet_portrait:30px;mobile_landscape:30px;mobile:20px;\",\"line-height\":\"\"}' ><h2 style=\"font-weight:normal;color:#000000;margin-top:80px;margin-bottom:80px;\">- SERVICIOS PRIVADOS -<\/h2><\/div><\/div>[\/vc_column][\/vc_row][vc_row ct_row_stretch=\u00bb\u00bb][vc_column]<div class=\"ult-spacer spacer-69f1baa66f6ea\" data-id=\"69f1baa66f6ea\" data-height=\"30\" data-height-mobile=\"20\" data-height-tab=\"20\" data-height-tab-portrait=\"20\" data-height-mobile-landscape=\"20\" style=\"clear:both;display:block;\"><\/div>[\/vc_column][\/vc_row][vc_row ct_row_stretch=\u00bb\u00bb][vc_column width=\u00bb1\/4&#8243; css=\u00bb.vc_custom_1707307919031{background-color: #f0f0f0 !important;}\u00bb][vc_wp_custommenu nav_menu=\u00bb84&#8243;][\/vc_column][vc_column width=\u00bb3\/4&#8243;][vc_row_inner][vc_column_inner][vc_column_text]\n<p style=\"text-align: center;\"><strong>ALIMENTACI\u00d3N<\/strong><\/p>\n<p style=\"text-align: center;\"><strong><em>Supermercado Claudio-Fra\u00f1\u00f3n<\/em><\/strong><\/p>\n<p style=\"text-align: center;\">R\u00faa da Mina, 6, 27460 Sober, Lugo.<\/p>\n<p style=\"text-align: center;\">Lunes a s\u00e1bado de 9:30 a 14:00 y<\/p>\n<p style=\"text-align: center;\">de 16:30 a 20:30 (en invierno) o de 17:00 a 21:00 (en verano)<\/p>\n<p style=\"text-align: center;\">Tel\u00e9fono: 982 460 321<\/p>\n<p>&nbsp;<\/p>\n<p style=\"text-align: center;\"><strong><em>Super Onda Alimentaci\u00f3n Natalia<\/em><\/strong><\/p>\n<p style=\"text-align: center;\">R\u00faa Comercio, 8, 27460 Sober, Lugo.<\/p>\n<p style=\"text-align: center;\">Lunes a s\u00e1bado de 9:30 a 13:30 y<\/p>\n<p style=\"text-align: center;\">de 16:00 a 20:00 (en invierno) o de 17:00 a 21:00 (en verano)<\/p>\n<p style=\"text-align: center;\">Tel\u00e9fono: 982 460 011<\/p>\n<p>&nbsp;<\/p>\n<p style=\"text-align: center;\"><strong>PANADER\u00cdAS<\/strong><\/p>\n<p style=\"text-align: center;\"><strong><em>Panader\u00eda La Soberana<\/em><\/strong><\/p>\n<p style=\"text-align: center;\">Barrio de Outeiro, 2, 27460, Sober, Lugo.<\/p>\n<p style=\"text-align: center;\">Lunes a s\u00e1bado de 8:00 a 15:00<\/p>\n<p style=\"text-align: center;\">Tel\u00e9fono: 982 460 022<\/p>\n<p>&nbsp;<\/p>\n<p style=\"text-align: center;\"><strong><em>Casa Rosqueiro<\/em><\/strong><\/p>\n<p style=\"text-align: center;\">Lugar Os Ferreiros, 27, Mill\u00e1n, 27460 Sober, Lugo.<\/p>\n<p style=\"text-align: center;\">Martes a domingo de 9:00 a 15:00<\/p>\n<p style=\"text-align: center;\">Tel\u00e9fono: 627 680 043 \/ 670 082 137 (WhatsApp)<\/p>\n<p>&nbsp;<\/p>\n<p style=\"text-align: center;\"><strong>TIENDAS Y SERVICIOS ESPECIALIZADOS<\/strong><\/p>\n<p style=\"text-align: center;\"><strong><em>Agrotenda Senra<\/em><\/strong><\/p>\n<p style=\"text-align: center;\">Praza do Toural, 9, 27460 Sober, Lugo.<\/p>\n<p style=\"text-align: center;\">Lunes a viernes de 9:30 a 14:00 y de 16:00 a 20:00<\/p>\n<p style=\"text-align: center;\">Los s\u00e1bados de 9:30 a 14:00<\/p>\n<p style=\"text-align: center;\">Tel\u00e9fono: 982 100 470<\/p>\n<p style=\"text-align: center;\"><a href=\"https:\/\/agrotiendasenra.com\">https:\/\/www.agrotiendasenra.com\/<\/a><\/p>\n<p>&nbsp;<\/p>\n<p style=\"text-align: center;\"><strong><em>Anditel Instalaciones El\u00e9ctricas y Fontaner\u00eda <\/em><\/strong><\/p>\n<p style=\"text-align: center;\"><strong><em>Venta de Electrodom\u00e9sticos<\/em><\/strong><\/p>\n<p style=\"text-align: center;\">Avda. Bel\u00e1n, 1 Bajo, 27460 Sober, Lugo.<\/p>\n<p style=\"text-align: center;\">Lunes a viernes de 10:00 a 13:00<\/p>\n<p style=\"text-align: center;\">Tel\u00e9fono: 699 432 756 (WhatsApp)<\/p>\n<p>&nbsp;<\/p>\n<p style=\"text-align: center;\"><strong><em>Cl\u00ednica Dental Diamonde<\/em><\/strong><\/p>\n<p style=\"text-align: center;\">R\u00faa Comercio, 10 Bajo, 27460 Sober, Lugo.<\/p>\n<p style=\"text-align: center;\">Tel\u00e9fono: 982 003 689<\/p>\n<p style=\"text-align: center;\"><a href=\"mailto:info@clinicadiamondedacosta.com\">info@clinicadiamondedacosta.com<\/a><\/p>\n<p>&nbsp;<\/p>\n<p style=\"text-align: center;\"><strong><em>Estanco Ferreter\u00eda Casa Carballo<\/em><\/strong><\/p>\n<p style=\"text-align: center;\">R\u00faa Comercio, 24, 27460 Sober, Lugo.<\/p>\n<p style=\"text-align: center;\">Lunes a viernes de 10:00 a 14:00 y de 17:00 a 20:00.<\/p>\n<p style=\"text-align: center;\">S\u00e1bado y domingo de 10:30 a 14:00.<\/p>\n<p style=\"text-align: center;\">Tel\u00e9fono: 982 460 008<\/p>\n<p>&nbsp;<\/p>\n<p style=\"text-align: center;\"><strong><em>Estudio de Arquitectura Santi Alcal\u00e1<\/em><\/strong><\/p>\n<p style=\"text-align: center;\">R\u00faa Progreso, 1, 27460 Sober, Lugo.<\/p>\n<p style=\"text-align: center;\">Tel\u00e9fono: 659 479 718 (WhatsApp)<\/p>\n<p style=\"text-align: center;\"><a href=\"https:\/\/santialcala.es\/\">santialcala.es<\/a><\/p>\n<p>&nbsp;<\/p>\n<p style=\"text-align: center;\"><strong><em>Ferreter\u00eda Marisa Loter\u00edas e Apostas do Estado<\/em><\/strong><\/p>\n<p style=\"text-align: center;\">Praza do Concello, 20, 27460 Sober, Lugo.<\/p>\n<p style=\"text-align: center;\">Lunes a viernes de 9:00 a 14:00 y de 15:00 a 20:00<\/p>\n<p style=\"text-align: center;\">S\u00e1bado de 9:30 a 13:30 (Julio y agosto tambi\u00e9n de 16:00 a 20:00)<\/p>\n<p style=\"text-align: center;\">Tel\u00e9fono: 647 042 201 \/ 661 479 196<\/p>\n<p>&nbsp;<\/p>\n<p style=\"text-align: center;\"><strong><em>Peluquer\u00eda Mar<\/em><\/strong><\/p>\n<p style=\"text-align: center;\">R\u00faa Comercio, 13 Bajo, 27460 Sober, Lugo.<\/p>\n<p style=\"text-align: center;\">Martes a viernes de 9:30 a 13:30 y de 16:00 a 20:00<br \/>\nS\u00e1bado de 9:30 a 13:30<\/p>\n<p style=\"text-align: center;\">Tel\u00e9fono: 609 123 760<\/p>\n<p>&nbsp;<\/p>\n<p style=\"text-align: center;\"><strong><em>Pulverizadores y Herrajes\u00a0Pulviplass (Floral)<\/em><\/strong><\/p>\n<p style=\"text-align: center;\">R\u00faa Cuartel, s\/n, 27460 Sober, Lugo.<\/p>\n<p style=\"text-align: center;\">Lunes a viernes de 9:00 a 14:00<\/p>\n<p style=\"text-align: center;\">Tel\u00e9fono: 982 460 123<\/p>\n<p style=\"text-align: center;\"><a href=\"http:\/\/www.pulviplass.com\">www.pulviplass.com<\/a><\/p>\n<p>&nbsp;<\/p>\n<p style=\"text-align: center;\"><strong><em>Tenda Vaquero Mari Roupa.<\/em><\/strong><\/p>\n<p style=\"text-align: center;\">R\u00faa Comercio, 5, 27460 Sober, Lugo.<\/p>\n<p style=\"text-align: center;\">Lunes a s\u00e1bado de 9:30 a 14:00 y de 16:30 a 20:00<\/p>\n<p style=\"text-align: center;\">Tel\u00e9fono: 982 460 204<\/p>\n<p>&nbsp;<\/p>\n<p style=\"text-align: center;\"><strong>CARPINTER\u00cdAS<\/strong><\/p>\n<p style=\"text-align: center;\"><strong><em>Carpinter\u00eda Madeira Rodr\u00edguez<\/em><\/strong><\/p>\n<p style=\"text-align: center;\">R\u00faa Outeiro, 8, 27460 Sober, Lugo.<\/p>\n<p style=\"text-align: center;\">Tel\u00e9fonos: 982 460 482 \/ 619 723 411 (WhatsApp)<\/p>\n<p>&nbsp;<\/p>\n<p style=\"text-align: center;\"><strong><em>Muebles Mayma Carpinter\u00eda Ebanister\u00eda<\/em><\/strong><\/p>\n<p style=\"text-align: center;\">R\u00faa da Mina, 27, 27460 Sober, Lugo.<\/p>\n<p style=\"text-align: center;\">Lunes a viernes de 9:00 a 13:00 y de 15:30 a 19:30<\/p>\n<p style=\"text-align: center;\">Tel\u00e9fono: 982 460 509<\/p>\n<p style=\"text-align: center;\"><a href=\"https:\/\/maymamoble.es\/\">https:\/\/maymamoble.es\/<\/a><\/p>\n<p>&nbsp;<\/p>\n<p style=\"text-align: center;\"><strong>SERVICIOS FUNERARIOS<\/strong><\/p>\n<p style=\"text-align: center;\"><strong><em>Tanatorio Funeraria\u00a0Rivas<\/em><\/strong><\/p>\n<p style=\"text-align: center;\">R\u00faa Las Huertas, 15 Bajo, 27460 Sober, Lugo.<\/p>\n<p style=\"text-align: center;\">Todos los d\u00edas 24 horas<\/p>\n<p style=\"text-align: center;\">Tel\u00e9fonos: 982 460 150 \/ 607 647 272 \/ 600 076 887 (WhatsApp)<\/p>\n<p style=\"text-align: center;\"><strong><em>\u00a0<\/em><\/strong><\/p>\n<p style=\"text-align: center;\"><strong><em>Tanatorio Sober<\/em><\/strong><\/p>\n<p style=\"text-align: center;\">R\u00faa Comercio, 16, 27460 Sober, Lugo.<\/p>\n<p style=\"text-align: center;\">Todos los d\u00edas 24 horas<\/p>\n<p style=\"text-align: center;\">Tel\u00e9fonos: 982 400151 \/ 982 402 789<\/p>\n<p style=\"text-align: center;\"><a href=\"https:\/\/www.funerariamonforte.com\/\">https:\/\/www.funerariamonforte.com\/<\/a><\/p>\n[\/vc_column_text][\/vc_column_inner][\/vc_row_inner]<div class=\"ult-spacer spacer-69f1baa66f738\" data-id=\"69f1baa66f738\" data-height=\"30\" data-height-mobile=\"20\" data-height-tab=\"20\" data-height-tab-portrait=\"20\" data-height-mobile-landscape=\"20\" style=\"clear:both;display:block;\"><\/div>[vc_single_image image=\u00bb10712&#8243; img_size=\u00bbfull\u00bb][\/vc_column][\/vc_row][vc_row ct_row_stretch=\u00bb\u00bb][vc_column]<div class=\"ult-spacer spacer-69f1baa66f77a\" data-id=\"69f1baa66f77a\" data-height=\"86\" data-height-mobile=\"86\" data-height-tab=\"86\" data-height-tab-portrait=\"\" data-height-mobile-landscape=\"\" style=\"clear:both;display:block;\"><\/div>[\/vc_column][\/vc_row]\n","protected":false},"excerpt":{"rendered":"<p>[vc_row ct_row_stretch=\u00bbstretch_row_content_no_spaces\u00bb full_width=\u00bbstretch_row_content_no_spaces\u00bb use_row_as_full_screen_section=\u00bbno\u00bb type=\u00bbfull_width\u00bb][vc_column][vc_single_image image=\u00bb10747&#8243; img_size=\u00bbfull\u00bb][\/vc_column][\/vc_row][vc_row ct_row_stretch=\u00bb\u00bb bg_type=\u00bbbg_color\u00bb bg_color_value=\u00bb#f9f9f9&#8243;][vc_column][\/vc_column][\/vc_row][vc_row ct_row_stretch=\u00bb\u00bb][vc_column][\/vc_column][\/vc_row][vc_row ct_row_stretch=\u00bb\u00bb][vc_column width=\u00bb1\/4&#8243; css=\u00bb.vc_custom_1707307919031{background-color: #f0f0f0 !important;}\u00bb][vc_wp_custommenu nav_menu=\u00bb84&#8243;][\/vc_column][vc_column width=\u00bb3\/4&#8243;][vc_row_inner][vc_column_inner][vc_column_text] ALIMENTACI\u00d3N Supermercado Claudio-Fra\u00f1\u00f3n R\u00faa da Mina, 6, 27460 Sober, Lugo. Lunes a &#8230;<\/p>\n","protected":false},"author":1,"featured_media":0,"parent":0,"menu_order":0,"comment_status":"closed","ping_status":"closed","template":"","meta":{"footnotes":""},"class_list":["post-11083","page","type-page","status-publish","hentry"],"_links":{"self":[{"href":"https:\/\/concellodesober.com\/es\/wp-json\/wp\/v2\/pages\/11083","targetHints":{"allow":["GET"]}}],"collection":[{"href":"https:\/\/concellodesober.com\/es\/wp-json\/wp\/v2\/pages"}],"about":[{"href":"https:\/\/concellodesober.com\/es\/wp-json\/wp\/v2\/types\/page"}],"author":[{"embeddable":true,"href":"https:\/\/concellodesober.com\/es\/wp-json\/wp\/v2\/users\/1"}],"replies":[{"embeddable":true,"href":"https:\/\/concellodesober.com\/es\/wp-json\/wp\/v2\/comments?post=11083"}],"version-history":[{"count":21,"href":"https:\/\/concellodesober.com\/es\/wp-json\/wp\/v2\/pages\/11083\/revisions"}],"predecessor-version":[{"id":16022,"href":"https:\/\/concellodesober.com\/es\/wp-json\/wp\/v2\/pages\/11083\/revisions\/16022"}],"wp:attachment":[{"href":"https:\/\/concellodesober.com\/es\/wp-json\/wp\/v2\/media?parent=11083"}],"curies":[{"name":"wp","href":"https:\/\/api.w.org\/{rel}","templated":true}]}}